{"id":9790,"date":"2023-08-29T10:14:27","date_gmt":"2023-08-29T10:14:27","guid":{"rendered":"https:\/\/www.anovo.es\/sustainibility\/"},"modified":"2024-01-22T09:34:10","modified_gmt":"2024-01-22T09:34:10","slug":"sustainibility","status":"publish","type":"page","link":"https:\/\/www.anovo.es\/en\/sustainibility\/","title":{"rendered":"Sustainibility"},"content":{"rendered":"\n<div class=\"wp-block-uagb-container uagb-block-0cb5a824 alignfull uagb-is-root-container\"><div class=\"uagb-container-inner-blocks-wrap\">\n<div class=\"wp-block-uagb-container uagb-block-58a3d1ad\">\n<h1 class=\"wp-block-heading has-ast-global-color-5-color has-text-color\" style=\"font-style:normal;font-weight:400;letter-spacing:0.1px\">Sustainable development<\/h1>\n\n\n\n<p class=\"has-ast-global-color-5-color has-text-color\">ANOVO signs its adhesion to the United Nations Global Compact.<\/p>\n<\/div>\n\n\n\n<div class=\"wp-block-uagb-container uagb-block-0cf2ccf2\"><\/div>\n<\/div><\/div>\n\n\n\n<div class=\"wp-block-uagb-container uagb-block-310649da alignfull uagb-is-root-container\"><div class=\"uagb-container-inner-blocks-wrap\">\n<div class=\"wp-block-uagb-container uagb-block-6c4ee8c0\">\n<div class=\"wp-block-uagb-container uagb-block-aaea1d2b\">\n<p class=\"has-ast-global-color-5-color has-text-color\">ANOVO continues to develop actions that promote a business <strong>policy based on environmental awareness<\/strong> by joining the United Nations Global Compact.<\/p>\n\n\n\n<p class=\"has-ast-global-color-5-color has-text-color\">Launched in the year 2000, <strong>the United Nations Global Compact is a UN initiative that has become the largest corporate sustainability network in the world.<\/strong> It is made up of more than 19,000 entities in more than 160 countries, 2,100 entities in Spain that form the most important Local Network in the world and of which ANOVO is already part.<\/p>\n\n\n\n<p class=\"has-ast-global-color-5-color has-text-color has-link-color wp-elements-fc72d9c380807927c8eb6f9d3cf557e8\">By adhering to the Compact, we commit to align all our operations with <a href=\"https:\/\/www.pactomundial.org\/que-puedes-hacer-tu\/diez-principios\/\" target=\"_blank\" rel=\"noreferrer noopener\"><strong>ten universally accepted principles<\/strong><\/a> in the areas of human rights, labour standards, environment, and anti-corruption. We also commit to take action in support of the UN goals embodied in the Sustainable Development Goals (<a href=\"https:\/\/www.un.org\/sustainabledevelopment\/es\/objetivos-de-desarrollo-sostenible\/\" target=\"_blank\" rel=\"noreferrer noopener\">SDGs<\/a>).<\/p>\n\n\n\n<p class=\"has-ast-global-color-5-color has-text-color\">Our involvement in this initiative is endowed with a strong commitment as <strong>a partner of the United Nations Global Compact<\/strong>, which translates into a high level of <strong>involvement in the functioning of the Local Network<\/strong> (general assembly, governing bodies, speakers at activities, success stories).<\/p>\n<\/div>\n\n\n\n<section class=\"wp-block-uagb-columns uagb-columns__wrap uagb-columns__background-none uagb-columns__stack-mobile uagb-columns__valign- uagb-columns__gap-0 align uagb-block-d438f744 uagb-columns__columns-4 uagb-columns__max_width-theme iconoshomecontenedor uag-hide-mob\"><div class=\"uagb-columns__overlay\"><\/div><div class=\"uagb-columns__inner-wrap uagb-columns__columns-4\">\n<div class=\"wp-block-uagb-column uagb-column__wrap uagb-column__background-undefined uagb-block-49c89529\"><div class=\"uagb-column__overlay\"><\/div>\n<div class=\"wp-block-uagb-container uagb-block-7d07f8f3\">\n<figure class=\"wp-block-image aligncenter size-full is-resized\"><img loading=\"lazy\" decoding=\"async\" width=\"101\" height=\"102\" src=\"https:\/\/www.anovo.es\/wp-content\/uploads\/2023\/09\/icono-i9rs-mod.png\" alt=\"\" class=\"wp-image-7817\" style=\"object-fit:contain;width:60px;height:60px\"\/><\/figure>\n\n\n\n<h4 class=\"wp-block-heading has-text-align-center has-ast-global-color-5-color has-text-color\" style=\"margin-top:var(--wp--preset--spacing--30);font-size:12px\">Circular Economy<\/h4>\n<\/div>\n<\/div>\n\n\n\n<div class=\"wp-block-uagb-column uagb-column__wrap uagb-column__background-undefined uagb-block-1cc7c62c\"><div class=\"uagb-column__overlay\"><\/div>\n<div class=\"wp-block-uagb-container uagb-block-4f7c2362\">\n<figure class=\"wp-block-image aligncenter size-full is-resized\"><img loading=\"lazy\" decoding=\"async\" width=\"112\" height=\"112\" src=\"https:\/\/www.anovo.es\/wp-content\/uploads\/2023\/08\/iconos-servicio-tecnico_12.png\" alt=\"\" class=\"wp-image-1297\" style=\"object-fit:contain;width:60px;height:60px\"\/><\/figure>\n\n\n\n<h4 class=\"wp-block-heading has-text-align-center has-ast-global-color-5-color has-text-color\" style=\"margin-top:var(--wp--preset--spacing--30);font-size:12px\">Alagar life span<\/h4>\n<\/div>\n<\/div>\n\n\n\n<div class=\"wp-block-uagb-column uagb-column__wrap uagb-column__background-undefined uagb-block-b349f263\"><div class=\"uagb-column__overlay\"><\/div>\n<div class=\"wp-block-uagb-container uagb-block-5ceba851\">\n<figure class=\"wp-block-image aligncenter size-full is-resized\"><img loading=\"lazy\" decoding=\"async\" width=\"111\" height=\"112\" src=\"https:\/\/www.anovo.es\/wp-content\/uploads\/2023\/08\/iconos-servicio-tecnico_02_23.png\" alt=\"\" class=\"wp-image-1325\" style=\"object-fit:contain;width:60px;height:60px\"\/><\/figure>\n\n\n\n<h4 class=\"wp-block-heading has-text-align-center has-ast-global-color-5-color has-text-color\" style=\"margin-top:var(--wp--preset--spacing--30);font-size:12px\">Waste Reduction<\/h4>\n<\/div>\n<\/div>\n\n\n\n<div class=\"wp-block-uagb-column uagb-column__wrap uagb-column__background-undefined uagb-block-aed47499\"><div class=\"uagb-column__overlay\"><\/div>\n<div class=\"wp-block-uagb-container uagb-block-4c7cc438\">\n<figure class=\"wp-block-image aligncenter size-full is-resized\"><img loading=\"lazy\" decoding=\"async\" width=\"101\" height=\"101\" src=\"https:\/\/www.anovo.es\/wp-content\/uploads\/2023\/08\/icono-calidad.png\" alt=\"\" class=\"wp-image-302\" style=\"object-fit:contain;width:60px;height:60px\"\/><\/figure>\n\n\n\n<h4 class=\"wp-block-heading has-text-align-center has-ast-global-color-5-color has-text-color\" style=\"margin-top:var(--wp--preset--spacing--30);font-size:12px\">Carbon footprint reduction<\/h4>\n<\/div>\n<\/div>\n<\/div><\/section>\n\n\n\n<section class=\"wp-block-uagb-columns uagb-columns__wrap uagb-columns__background-none uagb-columns__stack-none uagb-columns__valign- uagb-columns__gap-0 align uagb-block-e0d669c1 uagb-columns__columns-2 uagb-columns__max_width-theme iconoshomecontenedor uag-hide-desktop uag-hide-tab\"><div class=\"uagb-columns__overlay\"><\/div><div class=\"uagb-columns__inner-wrap uagb-columns__columns-2\">\n<div class=\"wp-block-uagb-column uagb-column__wrap uagb-column__background-undefined uagb-block-e66cf6fa\"><div class=\"uagb-column__overlay\"><\/div>\n<div class=\"wp-block-uagb-container uagb-block-4f727a5a\">\n<figure class=\"wp-block-image aligncenter size-full is-resized\"><img loading=\"lazy\" decoding=\"async\" width=\"101\" height=\"102\" src=\"https:\/\/www.anovo.es\/wp-content\/uploads\/2023\/09\/icono-i9rs-mod.png\" alt=\"\" class=\"wp-image-7817\" style=\"object-fit:contain;width:60px;height:60px\"\/><\/figure>\n\n\n\n<h4 class=\"wp-block-heading has-text-align-center has-ast-global-color-5-color has-text-color\" style=\"margin-top:var(--wp--preset--spacing--30);font-size:12px\">Circular Economy<\/h4>\n<\/div>\n<\/div>\n\n\n\n<div class=\"wp-block-uagb-column uagb-column__wrap uagb-column__background-undefined uagb-block-89bad7d1\"><div class=\"uagb-column__overlay\"><\/div>\n<div class=\"wp-block-uagb-container uagb-block-250e8140\">\n<figure class=\"wp-block-image aligncenter size-full is-resized\"><img loading=\"lazy\" decoding=\"async\" width=\"112\" height=\"112\" src=\"https:\/\/www.anovo.es\/wp-content\/uploads\/2023\/08\/iconos-servicio-tecnico_12.png\" alt=\"\" class=\"wp-image-1297\" style=\"object-fit:contain;width:60px;height:60px\"\/><\/figure>\n\n\n\n<h4 class=\"wp-block-heading has-text-align-center has-ast-global-color-5-color has-text-color\" style=\"margin-top:var(--wp--preset--spacing--30);font-size:12px\">Alagar life span<\/h4>\n<\/div>\n<\/div>\n<\/div><\/section>\n\n\n\n<section class=\"wp-block-uagb-columns uagb-columns__wrap uagb-columns__background-none uagb-columns__stack-none uagb-columns__valign- uagb-columns__gap-0 align uagb-block-81c68121 uagb-columns__columns-2 uagb-columns__max_width-theme iconoshomecontenedor uag-hide-desktop uag-hide-tab\"><div class=\"uagb-columns__overlay\"><\/div><div class=\"uagb-columns__inner-wrap uagb-columns__columns-2\">\n<div class=\"wp-block-uagb-column uagb-column__wrap uagb-column__background-undefined uagb-block-9f05ce8a\"><div class=\"uagb-column__overlay\"><\/div>\n<div class=\"wp-block-uagb-container uagb-block-3e49e035\">\n<figure class=\"wp-block-image aligncenter size-full is-resized\"><img loading=\"lazy\" decoding=\"async\" width=\"111\" height=\"112\" src=\"https:\/\/www.anovo.es\/wp-content\/uploads\/2023\/08\/iconos-servicio-tecnico_02_23.png\" alt=\"\" class=\"wp-image-1325\" style=\"object-fit:contain;width:60px;height:60px\"\/><\/figure>\n\n\n\n<h4 class=\"wp-block-heading has-text-align-center has-ast-global-color-5-color has-text-color\" style=\"margin-top:var(--wp--preset--spacing--30);font-size:12px\">Waste Reduction<\/h4>\n<\/div>\n<\/div>\n\n\n\n<div class=\"wp-block-uagb-column uagb-column__wrap uagb-column__background-undefined uagb-block-32bb72c6\"><div class=\"uagb-column__overlay\"><\/div>\n<div class=\"wp-block-uagb-container uagb-block-46f4122e\">\n<figure class=\"wp-block-image aligncenter size-full is-resized\"><img loading=\"lazy\" decoding=\"async\" width=\"101\" height=\"101\" src=\"https:\/\/www.anovo.es\/wp-content\/uploads\/2023\/08\/icono-calidad.png\" alt=\"\" class=\"wp-image-302\" style=\"object-fit:contain;width:60px;height:60px\"\/><\/figure>\n\n\n\n<h4 class=\"wp-block-heading has-text-align-center has-ast-global-color-5-color has-text-color\" style=\"margin-top:var(--wp--preset--spacing--30);font-size:12px\">Carbon footprint reduction<\/h4>\n<\/div>\n<\/div>\n<\/div><\/section>\n<\/div>\n\n\n\n<div class=\"wp-block-uagb-container uagb-block-65b9c7e9\">\n<div class=\"wp-block-uagb-container uagb-block-8790cf47\">\n<div class=\"wp-block-uagb-blockquote uagb-block-015a6ebc uagb-blockquote__skin-quotation uagb-blockquote__align-left uagb-blockquote__style-style_1 uagb-blockquote__stack-img-none\"><blockquote class=\"uagb-blockquote\"><span class=\"uagb-blockquote__icon\"><svg width=\"20\" height=\"20\" viewBox=\"0 0 32 32\"><path d=\"M7.031 14c3.866 0 7 3.134 7 7s-3.134 7-7 7-7-3.134-7-7l-0.031-1c0-7.732 6.268-14 14-14v4c-2.671 0-5.182 1.040-7.071 2.929-0.364 0.364-0.695 0.751-0.995 1.157 0.357-0.056 0.724-0.086 1.097-0.086zM25.031 14c3.866 0 7 3.134 7 7s-3.134 7-7 7-7-3.134-7-7l-0.031-1c0-7.732 6.268-14 14-14v4c-2.671 0-5.182 1.040-7.071 2.929-0.364 0.364-0.695 0.751-0.995 1.157 0.358-0.056 0.724-0.086 1.097-0.086z\"><\/path><\/svg><\/span><div class=\"uagb-blockquote__content\">Our involvement in this initiative is endowed with a strong commitment as <strong>a partner of the United Nations Global Compact<\/strong>.<\/div><footer><div class=\"uagb-blockquote__author-wrap uagb-blockquote__author-at-left\"><cite class=\"uagb-blockquote__author\">Author Name<\/cite><\/div><\/footer><\/blockquote><\/div>\n<\/div>\n\n\n\n<figure class=\"wp-block-image size-full is-resized uag-hide-mob wp-duotone-000000-ffffff-1\"><img loading=\"lazy\" decoding=\"async\" width=\"627\" height=\"684\" src=\"https:\/\/www.anovo.es\/wp-content\/uploads\/2023\/08\/we-do-blanco_03.png\" alt=\"\" class=\"wp-image-206\" style=\"width:130px;height:142px\" srcset=\"https:\/\/www.anovo.es\/wp-content\/uploads\/2023\/08\/we-do-blanco_03.png 627w, https:\/\/www.anovo.es\/wp-content\/uploads\/2023\/08\/we-do-blanco_03-275x300.png 275w\" sizes=\"auto, (max-width: 627px) 100vw, 627px\" \/><\/figure>\n<\/div>\n<\/div><\/div>\n\n\n\n<div class=\"wp-block-uagb-container uagb-block-2818e7e0 alignfull uagb-is-root-container\"><div class=\"uagb-container-inner-blocks-wrap\">\n<div class=\"wp-block-uagb-container uagb-block-571c35f4\">\n<div class=\"wp-block-uagb-container uagb-block-d63ef98a\">\n<div class=\"wp-block-uagb-blockquote uagb-block-99ebf40c uagb-blockquote__skin-quotation uagb-blockquote__align-left uagb-blockquote__style-style_1 uagb-blockquote__stack-img-none\"><blockquote class=\"uagb-blockquote\"><span class=\"uagb-blockquote__icon\"><svg width=\"20\" height=\"20\" viewBox=\"0 0 32 32\"><path d=\"M7.031 14c3.866 0 7 3.134 7 7s-3.134 7-7 7-7-3.134-7-7l-0.031-1c0-7.732 6.268-14 14-14v4c-2.671 0-5.182 1.040-7.071 2.929-0.364 0.364-0.695 0.751-0.995 1.157 0.357-0.056 0.724-0.086 1.097-0.086zM25.031 14c3.866 0 7 3.134 7 7s-3.134 7-7 7-7-3.134-7-7l-0.031-1c0-7.732 6.268-14 14-14v4c-2.671 0-5.182 1.040-7.071 2.929-0.364 0.364-0.695 0.751-0.995 1.157 0.358-0.056 0.724-0.086 1.097-0.086z\"><\/path><\/svg><\/span><div class=\"uagb-blockquote__content\">By taking <strong>part in the United Nations Global Compact<\/strong>, we work with quantifiable and time-bound goals, advancing actions related to the SDGs. <\/div><footer><div class=\"uagb-blockquote__author-wrap uagb-blockquote__author-at-left\"><cite class=\"uagb-blockquote__author\">Author Name<\/cite><\/div><\/footer><\/blockquote><\/div>\n<\/div>\n\n\n\n<figure class=\"wp-block-image size-full is-resized uag-hide-desktop uag-hide-tab uag-hide-mob wp-duotone-000000-ffffff-2\"><img loading=\"lazy\" decoding=\"async\" width=\"627\" height=\"684\" src=\"https:\/\/www.anovo.es\/wp-content\/uploads\/2023\/08\/we-do-blanco_03.png\" alt=\"\" class=\"wp-image-206\" style=\"width:130px;height:142px\" srcset=\"https:\/\/www.anovo.es\/wp-content\/uploads\/2023\/08\/we-do-blanco_03.png 627w, https:\/\/www.anovo.es\/wp-content\/uploads\/2023\/08\/we-do-blanco_03-275x300.png 275w\" sizes=\"auto, (max-width: 627px) 100vw, 627px\" \/><\/figure>\n<\/div>\n\n\n\n<div class=\"wp-block-uagb-container uagb-block-da5d8be7\">\n<div class=\"wp-block-uagb-container uagb-block-3d1b7247\">\n<p class=\"has-ast-global-color-6-color has-text-color\">&#8220;At ANOVO, we have been working for <strong>more than 20 years<\/strong> to extend the life span of technological products, promoting circular economy actions and actively contributing towards achieving a more sustainable technology sector. Our adherence to the UN Global Compact as a partner has a twofold objective. On the one hand, contributing, where possible, towards the Compact&#8217;s goals and, on the other hand, the promotion and reinforcement of our Quality and Environmental Management System.\u201d Jos\u00e9 Garc\u00eda Mart\u00ednez. CEO of ANOVO<\/p>\n\n\n\n<p class=\"has-ast-global-color-6-color has-text-color\">By taking part, we at ANOVO are accelerating our contribution towards the development of sustainable business models alongside other internal actions. Thus, we apply <strong>waste hierarchy<\/strong> principles, which aim to reduce and manage waste throughout all our processes: prevention and minimisation through repair (the most favourable option), reuse and recycling. We also help <strong>reduce our carbon footprint<\/strong> by refurbishing millions of electronic devices every year.<\/p>\n\n\n\n<p class=\"has-ast-global-color-6-color has-text-color\">By taking <strong>part in the United Nations Global Compact<\/strong>, we work with quantifiable and time-bound goals, advancing actions related to the SDGs, gender equality, the fight against climate change, human rights, and the inclusion of Global Goals in business strategies.<\/p>\n<\/div>\n<\/div>\n<\/div><\/div>\n\n\n\n<div class=\"wp-block-uagb-container bloquemultiply uagb-block-b8efbfa8 alignfull uagb-is-root-container\"><div class=\"uagb-container-inner-blocks-wrap\">\n<div class=\"wp-block-uagb-container uagb-block-e41ef8f7\">\n<p>ANOVO considers sustainability goals a priority, as evidenced by the fact that we recently received the <strong>EcoVadis Gold medal<\/strong>, which reflects the company&#8217;s sustainability management system quality at the time of the assessment.<\/p>\n\n\n\n<p>Metrics containing self-reported quantitative data on carbon and sustainability performance, such as energy consumption, GHG emissions, or waste production.<\/p>\n\n\n\n<p><strong>A great achievement that proves ANOVO&#8217;s commitment towards sustainability<\/strong>, focused on four main pillars: environment, labour practices and human rights, ethics, and sustainable procurement.<\/p>\n<\/div>\n\n\n\n<div class=\"wp-block-uagb-container uagb-block-6be9dffb\">\n<div class=\"wp-block-uagb-container uagb-block-04b1ed97\">\n<figure class=\"wp-block-image alignfull size-full is-resized\"><img loading=\"lazy\" decoding=\"async\" width=\"260\" height=\"260\" src=\"https:\/\/www.anovo.es\/wp-content\/uploads\/2023\/08\/medalla-oro-ecovadis.jpg\" alt=\"\" class=\"wp-image-868\" style=\"width:250px;height:undefinedpx\" srcset=\"https:\/\/www.anovo.es\/wp-content\/uploads\/2023\/08\/medalla-oro-ecovadis.jpg 260w, https:\/\/www.anovo.es\/wp-content\/uploads\/2023\/08\/medalla-oro-ecovadis-150x150.jpg 150w\" sizes=\"auto, (max-width: 260px) 100vw, 260px\" \/><\/figure>\n<\/div>\n<\/div>\n<\/div><\/div>\n\n\n\n<div class=\"wp-block-uagb-container uag-hide-desktop uag-hide-tab uag-hide-mob uagb-block-a93b619f alignfull uagb-is-root-container\"><div class=\"uagb-container-inner-blocks-wrap\">\n<figure class=\"wp-block-image aligncenter size-full\"><img loading=\"lazy\" decoding=\"async\" width=\"744\" height=\"100\" src=\"https:\/\/www.anovo.es\/wp-content\/uploads\/2023\/08\/objetivos-de-desarrollo-sostenible.png\" alt=\"\" class=\"wp-image-1357\" style=\"object-fit:contain\" srcset=\"https:\/\/www.anovo.es\/wp-content\/uploads\/2023\/08\/objetivos-de-desarrollo-sostenible.png 744w, https:\/\/www.anovo.es\/wp-content\/uploads\/2023\/08\/objetivos-de-desarrollo-sostenible-300x40.png 300w\" sizes=\"auto, (max-width: 744px) 100vw, 744px\" \/><\/figure>\n\n\n\n<h2 class=\"wp-block-heading has-text-align-center has-large-font-size\" style=\"font-style:normal;font-weight:400;letter-spacing:0.1px\">Sustainable Development Goals at ANOVO<\/h2>\n<\/div><\/div>\n\n\n\n<div class=\"wp-block-uagb-container uagb-block-6c774add alignfull uagb-is-root-container\"><div class=\"uagb-container-inner-blocks-wrap\">\n<div class=\"wp-block-uagb-container uagb-block-602a3def\">\n<div class=\"wp-block-uagb-container uagb-block-f5db8fbe\">\n<h2 class=\"wp-block-heading has-ast-global-color-6-color has-text-color\" style=\"margin-top:0;margin-right:0;margin-bottom:0;font-style:normal;font-weight:400;letter-spacing:0.1px;line-height:1.1\">Sustainable Development Goals at ANOVO<\/h2>\n<\/div>\n<\/div>\n\n\n\n<div class=\"wp-block-uagb-container uagb-block-d7d62507\"><\/div>\n<\/div><\/div>\n\n\n\n<div class=\"wp-block-uagb-container uagb-block-e8d8c20c alignfull uagb-is-root-container\">\n<div class=\"wp-block-uagb-container uagb-block-a17f4e57\">\n<div class=\"wp-block-uagb-container uagb-block-19ed7d8c\">\n<figure class=\"wp-block-image alignfull size-full\"><img loading=\"lazy\" decoding=\"async\" width=\"350\" height=\"350\" src=\"https:\/\/www.anovo.es\/wp-content\/uploads\/2023\/10\/ods-9-english.jpg\" alt=\"\" class=\"wp-image-10516\" srcset=\"https:\/\/www.anovo.es\/wp-content\/uploads\/2023\/10\/ods-9-english.jpg 350w, https:\/\/www.anovo.es\/wp-content\/uploads\/2023\/10\/ods-9-english-300x300.jpg 300w, https:\/\/www.anovo.es\/wp-content\/uploads\/2023\/10\/ods-9-english-150x150.jpg 150w\" sizes=\"auto, (max-width: 350px) 100vw, 350px\" \/><\/figure>\n<\/div>\n\n\n\n<div class=\"wp-block-uagb-container uagb-block-a7a94eea\">\n<h3 class=\"wp-block-heading boldfont has-ast-global-color-5-color has-text-color has-large-font-size\" style=\"font-style:normal;font-weight:400;letter-spacing:0.1px\">Industry, Innovation, and Infrastructure<\/h3>\n\n\n\n<p class=\"has-ast-global-color-5-color has-text-color\">Innovation and technological progress are key to discovering lasting solutions to economic and environmental challenges, such as increasing energy and resource efficiency.<\/p>\n\n\n\n<p class=\"has-ast-global-color-5-color has-text-color\">For ANOVO, innovation is part of our business culture. We work actively towards supporting the development of technologies, research and innovation, transforming products, facilities, services, production processes, and internal management with sustainability criteria, using disruptive technologies such as artificial intelligence.<\/p>\n<\/div>\n<\/div>\n\n\n\n<div class=\"wp-block-uagb-container uagb-block-4174c3a5\">\n<div class=\"wp-block-uagb-container uagb-block-1b364ae0\">\n<figure class=\"wp-block-image alignfull size-full\"><img loading=\"lazy\" decoding=\"async\" width=\"350\" height=\"350\" src=\"https:\/\/www.anovo.es\/wp-content\/uploads\/2023\/10\/ods-10-english.jpg\" alt=\"\" class=\"wp-image-10518\" srcset=\"https:\/\/www.anovo.es\/wp-content\/uploads\/2023\/10\/ods-10-english.jpg 350w, https:\/\/www.anovo.es\/wp-content\/uploads\/2023\/10\/ods-10-english-300x300.jpg 300w, https:\/\/www.anovo.es\/wp-content\/uploads\/2023\/10\/ods-10-english-150x150.jpg 150w\" sizes=\"auto, (max-width: 350px) 100vw, 350px\" \/><\/figure>\n<\/div>\n\n\n\n<div class=\"wp-block-uagb-container uagb-block-d4f8ff76\">\n<h3 class=\"wp-block-heading boldfont has-ast-global-color-5-color has-text-color has-large-font-size\" style=\"font-style:normal;font-weight:400;letter-spacing:0.1px\">Reducing inequalities<\/h3>\n\n\n\n<p class=\"has-ast-global-color-5-color has-text-color\">Reducing inequalities and making sure no one is left behind is integral to achieving our Sustainable Development Goals.<\/p>\n\n\n\n<p class=\"has-ast-global-color-5-color has-text-color\">It is our aim to empower and promote social, economic, and political inclusion for everyone, regardless of their age, gender, disability, race, ethnicity, origin, religion, economic or other status. Ensuring equal opportunities and reducing inequality.<\/p>\n<\/div>\n<\/div>\n\n\n\n<div class=\"wp-block-uagb-container uagb-block-929ceaca\">\n<div class=\"wp-block-uagb-container uagb-block-cdc39552\">\n<figure class=\"wp-block-image alignfull size-full\"><img loading=\"lazy\" decoding=\"async\" width=\"350\" height=\"350\" src=\"https:\/\/www.anovo.es\/wp-content\/uploads\/2023\/10\/ods-12-english.jpg\" alt=\"\" class=\"wp-image-10521\" srcset=\"https:\/\/www.anovo.es\/wp-content\/uploads\/2023\/10\/ods-12-english.jpg 350w, https:\/\/www.anovo.es\/wp-content\/uploads\/2023\/10\/ods-12-english-300x300.jpg 300w, https:\/\/www.anovo.es\/wp-content\/uploads\/2023\/10\/ods-12-english-150x150.jpg 150w\" sizes=\"auto, (max-width: 350px) 100vw, 350px\" \/><\/figure>\n<\/div>\n\n\n\n<div class=\"wp-block-uagb-container uagb-block-f8583fd2\">\n<h3 class=\"wp-block-heading boldfont has-ast-global-color-5-color has-text-color has-large-font-size\" style=\"font-style:normal;font-weight:400;letter-spacing:0.1px\">Responsible production and consumption<\/h3>\n\n\n\n<p class=\"has-ast-global-color-5-color has-text-color\">Global consumption and production (the driving forces of the global economy) depend on the use of the natural environment and resources in a way that continues to have destructive effects on the planet.<\/p>\n\n\n\n<p class=\"has-ast-global-color-5-color has-text-color\">ANOVO, whose core business is directly linked to this Goal, integrates circular economy criteria into the organisation through policies of prevention, reduction, reuse, recycling and valuation of waste, especially technological waste. We actively contribute to responsible production and consumption by extending the life span of technological products put on the market, as well as providing people with information and knowledge relevant to sustainable development and lifestyles in harmony with nature.<\/p>\n<\/div>\n<\/div>\n\n\n\n<div class=\"wp-block-uagb-container uagb-block-86222f5e\">\n<div class=\"wp-block-uagb-container uagb-block-99846e0d\">\n<figure class=\"wp-block-image alignfull size-full\"><img loading=\"lazy\" decoding=\"async\" width=\"350\" height=\"350\" src=\"https:\/\/www.anovo.es\/wp-content\/uploads\/2023\/10\/ods-13-english2.jpg\" alt=\"\" class=\"wp-image-10528\" srcset=\"https:\/\/www.anovo.es\/wp-content\/uploads\/2023\/10\/ods-13-english2.jpg 350w, https:\/\/www.anovo.es\/wp-content\/uploads\/2023\/10\/ods-13-english2-300x300.jpg 300w, https:\/\/www.anovo.es\/wp-content\/uploads\/2023\/10\/ods-13-english2-150x150.jpg 150w\" sizes=\"auto, (max-width: 350px) 100vw, 350px\" \/><\/figure>\n<\/div>\n\n\n\n<div class=\"wp-block-uagb-container uagb-block-2bd5f72f\">\n<h3 class=\"wp-block-heading boldfont has-ast-global-color-5-color has-text-color has-large-font-size\" style=\"font-style:normal;font-weight:400;letter-spacing:0.1px\">Climate action<\/h3>\n\n\n\n<p class=\"has-ast-global-color-5-color has-text-color\">Climate change is affecting all countries on all continents. It is disrupting national economies and affecting lives. Weather systems are changing, sea levels are rising, and weather patterns are becoming more extreme.<\/p>\n\n\n\n<p class=\"has-ast-global-color-5-color has-text-color\">At ANOVO, we want to be part of the necessary change and are committed to decarbonising operations and supply chains. To achieve this, we are working to improve our energy efficiency, reducing the carbon footprint of services and processes, and increasing investment in the development of innovative and inclusive services.<\/p>\n<\/div>\n<\/div>\n<\/div>\n\n\n\n<div class=\"wp-block-uagb-container uagb-block-bddcfc7f alignfull uagb-is-root-container\"><div class=\"uagb-container-inner-blocks-wrap\">\n<div class=\"wp-block-uagb-container uagb-block-063a6276\">\n<h2 class=\"wp-block-heading has-ast-global-color-5-color has-text-color\" style=\"margin-bottom:var(--wp--preset--spacing--80);font-style:normal;font-weight:400;letter-spacing:0.1px;line-height:1\">The circular economy consultancy service<\/h2>\n\n\n\n<p class=\"has-link-color wp-elements-01f0be2a1e66333bff31d9506b270683\"><a href=\"https:\/\/www.anovo.es\/en\/circular-economy-consultancy\/\">The circular economy consultancy service<\/a><\/p>\n<\/div>\n\n\n\n<div class=\"wp-block-uagb-container uagb-block-8f2a2150\"><\/div>\n<\/div><\/div>\n","protected":false},"excerpt":{"rendered":"<p>Sustainable development ANOVO signs its adhesion to the United Nations Global Compact. ANOVO continues to develop actions that promote a business policy based on environmental awareness by joining the United Nations Global Compact. Launched in the year 2000, the United Nations Global Compact is a UN initiative that has become the largest corporate sustainability network [&hellip;]<\/p>\n","protected":false},"author":1,"featured_media":9579,"parent":0,"menu_order":0,"comment_status":"closed","ping_status":"closed","template":"","meta":{"_seopress_robots_primary_cat":"","_seopress_titles_title":"Sustainable development at ANOVO | United Nations Global Compact","_seopress_titles_desc":"ANOVO signs its adhesion to the United Nations Global Compact.","_seopress_robots_index":"","_uag_custom_page_level_css":"","site-sidebar-layout":"no-sidebar","site-content-layout":"","ast-site-content-layout":"normal-width-container","site-content-style":"default","site-sidebar-style":"default","ast-global-header-display":"","ast-banner-title-visibility":"","ast-main-header-display":"","ast-hfb-above-header-display":"","ast-hfb-below-header-display":"","ast-hfb-mobile-header-display":"","site-post-title":"disabled","ast-breadcrumbs-content":"","ast-featured-img":"disabled","footer-sml-layout":"","ast-disable-related-posts":"","theme-transparent-header-meta":"","adv-header-id-meta":"","stick-header-meta":"","header-above-stick-meta":"","header-main-stick-meta":"","header-below-stick-meta":"","astra-migrate-meta-layouts":"set","ast-page-background-enabled":"default","ast-page-background-meta":{"desktop":{"background-color":"","background-image":"","background-repeat":"repeat","background-position":"center center","background-size":"auto","background-attachment":"scroll","background-type":"","background-media":"","overlay-type":"","overlay-color":"","overlay-opacity":"","overlay-gradient":""},"tablet":{"background-color":"","background-image":"","background-repeat":"repeat","background-position":"center center","background-size":"auto","background-attachment":"scroll","background-type":"","background-media":"","overlay-type":"","overlay-color":"","overlay-opacity":"","overlay-gradient":""},"mobile":{"background-color":"","background-image":"","background-repeat":"repeat","background-position":"center center","background-size":"auto","background-attachment":"scroll","background-type":"","background-media":"","overlay-type":"","overlay-color":"","overlay-opacity":"","overlay-gradient":""}},"ast-content-background-meta":{"desktop":{"background-color":"var(--ast-global-color-5)","background-image":"","background-repeat":"repeat","background-position":"center center","background-size":"auto","background-attachment":"scroll","background-type":"","background-media":"","overlay-type":"","overlay-color":"","overlay-opacity":"","overlay-gradient":""},"tablet":{"background-color":"var(--ast-global-color-5)","background-image":"","background-repeat":"repeat","background-position":"center center","background-size":"auto","background-attachment":"scroll","background-type":"","background-media":"","overlay-type":"","overlay-color":"","overlay-opacity":"","overlay-gradient":""},"mobile":{"background-color":"var(--ast-global-color-5)","background-image":"","background-repeat":"repeat","background-position":"center center","background-size":"auto","background-attachment":"scroll","background-type":"","background-media":"","overlay-type":"","overlay-color":"","overlay-opacity":"","overlay-gradient":""}},"footnotes":""},"class_list":["post-9790","page","type-page","status-publish","has-post-thumbnail","hentry"],"uagb_featured_image_src":{"full":["https:\/\/www.anovo.es\/wp-content\/uploads\/2023\/09\/ANOVO-sostenibilidad-banner-principal-v4.jpg",1440,900,false],"thumbnail":["https:\/\/www.anovo.es\/wp-content\/uploads\/2023\/09\/ANOVO-sostenibilidad-banner-principal-v4-150x150.jpg",150,150,true],"medium":["https:\/\/www.anovo.es\/wp-content\/uploads\/2023\/09\/ANOVO-sostenibilidad-banner-principal-v4-300x188.jpg",300,188,true],"medium_large":["https:\/\/www.anovo.es\/wp-content\/uploads\/2023\/09\/ANOVO-sostenibilidad-banner-principal-v4-768x480.jpg",768,480,true],"large":["https:\/\/www.anovo.es\/wp-content\/uploads\/2023\/09\/ANOVO-sostenibilidad-banner-principal-v4-1024x640.jpg",1024,640,true],"1536x1536":["https:\/\/www.anovo.es\/wp-content\/uploads\/2023\/09\/ANOVO-sostenibilidad-banner-principal-v4.jpg",1440,900,false],"2048x2048":["https:\/\/www.anovo.es\/wp-content\/uploads\/2023\/09\/ANOVO-sostenibilidad-banner-principal-v4.jpg",1440,900,false]},"uagb_author_info":{"display_name":"Administrador","author_link":"https:\/\/www.anovo.es\/en\/author\/plantill\/"},"uagb_comment_info":0,"uagb_excerpt":"Sustainable development ANOVO signs its adhesion to the United Nations Global Compact. ANOVO continues to develop actions that promote a business policy based on environmental awareness by joining the United Nations Global Compact. Launched in the year 2000, the United Nations Global Compact is a UN initiative that has become the largest corporate sustainability network&hellip;","_links":{"self":[{"href":"https:\/\/www.anovo.es\/en\/wp-json\/wp\/v2\/pages\/9790","targetHints":{"allow":["GET"]}}],"collection":[{"href":"https:\/\/www.anovo.es\/en\/wp-json\/wp\/v2\/pages"}],"about":[{"href":"https:\/\/www.anovo.es\/en\/wp-json\/wp\/v2\/types\/page"}],"author":[{"embeddable":true,"href":"https:\/\/www.anovo.es\/en\/wp-json\/wp\/v2\/users\/1"}],"replies":[{"embeddable":true,"href":"https:\/\/www.anovo.es\/en\/wp-json\/wp\/v2\/comments?post=9790"}],"version-history":[{"count":24,"href":"https:\/\/www.anovo.es\/en\/wp-json\/wp\/v2\/pages\/9790\/revisions"}],"predecessor-version":[{"id":12071,"href":"https:\/\/www.anovo.es\/en\/wp-json\/wp\/v2\/pages\/9790\/revisions\/12071"}],"wp:featuredmedia":[{"embeddable":true,"href":"https:\/\/www.anovo.es\/en\/wp-json\/wp\/v2\/media\/9579"}],"wp:attachment":[{"href":"https:\/\/www.anovo.es\/en\/wp-json\/wp\/v2\/media?parent=9790"}],"curies":[{"name":"wp","href":"https:\/\/api.w.org\/{rel}","templated":true}]}}